{"id":23,"date":"2023-05-21T10:22:09","date_gmt":"2023-05-21T10:22:09","guid":{"rendered":"http:\/\/www.amaavida.org\/?page_id=23"},"modified":"2023-06-24T10:00:48","modified_gmt":"2023-06-24T10:00:48","slug":"projecto","status":"publish","type":"page","link":"http:\/\/www.amaavida.org\/index.php\/projecto\/","title":{"rendered":"Projecto"},"content":{"rendered":"\n<p>ORGANIZA\u00c7\u00c3O<\/p>\n\n\n<div class=\"wp-block-image\">\n<figure class=\"aligncenter size-full is-resized\"><img loading=\"lazy\" decoding=\"async\" src=\"http:\/\/www.amaavida.org\/wp-content\/uploads\/2023\/06\/01.jpg\" alt=\"\" class=\"wp-image-407\" width=\"188\" height=\"188\" srcset=\"http:\/\/www.amaavida.org\/wp-content\/uploads\/2023\/06\/01.jpg 526w, http:\/\/www.amaavida.org\/wp-content\/uploads\/2023\/06\/01-300x300.jpg 300w, http:\/\/www.amaavida.org\/wp-content\/uploads\/2023\/06\/01-150x150.jpg 150w, http:\/\/www.amaavida.org\/wp-content\/uploads\/2023\/06\/01-60x60.jpg 60w\" sizes=\"auto, (max-width: 188px) 100vw, 188px\" \/><\/figure>\n<\/div>\n\n\n<p>A Associa\u00e7\u00e3o AMA A VIDA (Amor, Miss\u00e3o, Ajuda, Voluntariado, Igualdade, Dignidade e Amizade) nasceu, a 12 de agosto de 2019, de um sonho e do facto de se saber que h\u00e1 sempre algo mais que podemos fazer pelo mundo e pelas pessoas.<\/p>\n\n\n\n<p>A Presidente da AMA A VIDA j\u00e1 realizou 12 Miss\u00f5es de Voluntariado em v\u00e1rios pa\u00edses (Mo\u00e7ambique, Cabo Verde, Angola, Argentina), 4 destas a colaborar com outro grupo e 8 a t\u00edtulo pessoal. Por isso mesmo, e por outros tamb\u00e9m terem o desejo de partir em Miss\u00f5es de Voluntariado, surgiu a vontade e a ideia de criar esta Associa\u00e7\u00e3o.<\/p>\n\n\n\n<p>Como organiza\u00e7\u00e3o n\u00e3o governamental, a sua miss\u00e3o \u00e9 contribuir para o desenvolvimento e coopera\u00e7\u00e3o em \u00e1reas como a educa\u00e7\u00e3o, cultura, sa\u00fade, prote\u00e7\u00e3o e defesa do ambiente, integra\u00e7\u00e3o social e comunit\u00e1ria, desenvolvimento rural, refor\u00e7o da sociedade civil, ajuda humanit\u00e1ria e de emerg\u00eancia.<\/p>\n\n\n\n<p>Cada ser humano pode e deve contribuir para um mundo melhor, uma sociedade mais participativa, solid\u00e1ria, inclusiva, democr\u00e1tica e humana.<\/p>\n\n\n\n<div class=\"wp-block-columns is-layout-flex wp-container-core-columns-is-layout-9d6595d7 wp-block-columns-is-layout-flex\">\n<div class=\"wp-block-column is-layout-flow wp-block-column-is-layout-flow\" style=\"flex-basis:100%\">\n<div class=\"wp-block-columns is-layout-flex wp-container-core-columns-is-layout-9d6595d7 wp-block-columns-is-layout-flex\">\n<div class=\"wp-block-column is-layout-flow wp-block-column-is-layout-flow\" style=\"flex-basis:50%\"><div class=\"wp-block-image\">\n<figure class=\"aligncenter size-large is-resized\"><img loading=\"lazy\" decoding=\"async\" src=\"http:\/\/www.amaavida.org\/wp-content\/uploads\/2023\/06\/Imagem-Missao-1-1024x1024.jpg\" alt=\"\" class=\"wp-image-419\" width=\"255\" height=\"255\" srcset=\"http:\/\/www.amaavida.org\/wp-content\/uploads\/2023\/06\/Imagem-Missao-1-1024x1024.jpg 1024w, http:\/\/www.amaavida.org\/wp-content\/uploads\/2023\/06\/Imagem-Missao-1-300x300.jpg 300w, http:\/\/www.amaavida.org\/wp-content\/uploads\/2023\/06\/Imagem-Missao-1-150x150.jpg 150w, http:\/\/www.amaavida.org\/wp-content\/uploads\/2023\/06\/Imagem-Missao-1-768x768.jpg 768w, http:\/\/www.amaavida.org\/wp-content\/uploads\/2023\/06\/Imagem-Missao-1-1536x1536.jpg 1536w, http:\/\/www.amaavida.org\/wp-content\/uploads\/2023\/06\/Imagem-Missao-1-60x60.jpg 60w, http:\/\/www.amaavida.org\/wp-content\/uploads\/2023\/06\/Imagem-Missao-1.jpg 1920w\" sizes=\"auto, (max-width: 255px) 100vw, 255px\" \/><\/figure>\n<\/div><\/div>\n\n\n\n<div class=\"wp-block-column is-layout-flow wp-block-column-is-layout-flow\" style=\"flex-basis:50%\">\n<figure class=\"wp-block-image size-full is-resized\"><img loading=\"lazy\" decoding=\"async\" src=\"http:\/\/www.amaavida.org\/wp-content\/uploads\/2023\/06\/Leos-3.jpg\" alt=\"\" class=\"wp-image-424\" width=\"242\" height=\"242\" srcset=\"http:\/\/www.amaavida.org\/wp-content\/uploads\/2023\/06\/Leos-3.jpg 960w, http:\/\/www.amaavida.org\/wp-content\/uploads\/2023\/06\/Leos-3-300x300.jpg 300w, http:\/\/www.amaavida.org\/wp-content\/uploads\/2023\/06\/Leos-3-150x150.jpg 150w, http:\/\/www.amaavida.org\/wp-content\/uploads\/2023\/06\/Leos-3-768x768.jpg 768w, http:\/\/www.amaavida.org\/wp-content\/uploads\/2023\/06\/Leos-3-60x60.jpg 60w\" sizes=\"auto, (max-width: 242px) 100vw, 242px\" \/><\/figure>\n<\/div>\n<\/div>\n<\/div>\n<\/div>\n\n\n<div class=\"wp-block-image\">\n<figure class=\"aligncenter size-full is-resized\"><img loading=\"lazy\" decoding=\"async\" src=\"http:\/\/www.amaavida.org\/wp-content\/uploads\/2023\/06\/02.jpg\" alt=\"\" class=\"wp-image-408\" width=\"271\" height=\"271\" srcset=\"http:\/\/www.amaavida.org\/wp-content\/uploads\/2023\/06\/02.jpg 526w, http:\/\/www.amaavida.org\/wp-content\/uploads\/2023\/06\/02-300x300.jpg 300w, http:\/\/www.amaavida.org\/wp-content\/uploads\/2023\/06\/02-150x150.jpg 150w, http:\/\/www.amaavida.org\/wp-content\/uploads\/2023\/06\/02-60x60.jpg 60w\" sizes=\"auto, (max-width: 271px) 100vw, 271px\" \/><\/figure>\n<\/div>\n\n\n<p>O povo \u201cMBya Guarani\u201d vive na \u201cProv\u00edncia de Missiones\u201d- Argentina e est\u00e1 a passar por momentos cruciais na sua historia. Os Guarani t\u00eam sofrido ao longo dos anos, e continuam a sofrer, devido \u00e0 usurpa\u00e7\u00e3o das terras, ficando sem teto para viver e sem selva para recolher o seu alimento.<\/p>\n\n\n\n<p>Com a Miss\u00e3o \u201cLeos on the Road &#8211; Uma Miss\u00e3o em Guarani\u201d, iremos dar apoio a algumas aldeias Guarani, sendo a nossa maior preocupa\u00e7\u00e3o promover a educa\u00e7\u00e3o, sa\u00fade, sustentabilidade, direitos humanos e desenvolvimento. Temos como objetivo dar forma\u00e7\u00e3o em todas estas \u00e1reas, sempre com a supervis\u00e3o da respons\u00e1vel Irm\u00e3 Blanca Estela que j\u00e1 trabalha com o Povo MBya Guarani h\u00e1 v\u00e1rios anos.<\/p>\n\n\n\n<p>A presen\u00e7a de todos os volunt\u00e1rios servir\u00e1 tamb\u00e9m para motivar outros jovens da Prov\u00edncia de \u201cMissiones\u201d, e de todo o Pa\u00eds, a darem as m\u00e3os a este povo que tanto precisa e a darem continuidade ao projeto que agora estamos a iniciar. \u00c9 importante abrir horizontes aos jovens portugueses que v\u00e3o partir e, acima de tudo, ser um motor de arranque para outros leos da Argentina, e do mundo, para abra\u00e7arem esta causa.<\/p>\n\n\n\n<p>Levamos o que de melhor cada um tem, na certeza que traremos o Povo MBya Guarani no cora\u00e7\u00e3o .<\/p>\n\n\n<div class=\"wp-block-image\">\n<figure class=\"aligncenter size-full is-resized\"><img loading=\"lazy\" decoding=\"async\" src=\"http:\/\/www.amaavida.org\/wp-content\/uploads\/2023\/06\/03.jpg\" alt=\"\" class=\"wp-image-409\" width=\"221\" height=\"221\" srcset=\"http:\/\/www.amaavida.org\/wp-content\/uploads\/2023\/06\/03.jpg 526w, http:\/\/www.amaavida.org\/wp-content\/uploads\/2023\/06\/03-300x300.jpg 300w, http:\/\/www.amaavida.org\/wp-content\/uploads\/2023\/06\/03-150x150.jpg 150w, http:\/\/www.amaavida.org\/wp-content\/uploads\/2023\/06\/03-60x60.jpg 60w\" sizes=\"auto, (max-width: 221px) 100vw, 221px\" \/><\/figure>\n<\/div>\n\n\n<p>O povo de Guarani (que, no seu dialeto oficial, significa &#8221;guerreiro&#8221;) \u00e9 uma tribo n\u00f3mada, com forte liga\u00e7\u00e3o espiritual \u00e0 m\u00fasica e \u00e0 natureza, constitu\u00edda por aproximadamente 280.000 pessoas, sendo uma das mais representativas etnias ind\u00edgenas da Am\u00e9rica do Sul, abrangendo os territ\u00f3rios nacionais da Bol\u00edvia, Paraguai, Argentina, Uruguai e Brasil. Este povo vive em aldeias isoladas, sendo um delas a aldeia de Missiones, em Porto Rico (Argentina) .<\/p>\n\n\n\n<p>Nos \u00faltimos 500 anos, desde o processo de coloniza\u00e7\u00e3o europeia, praticamente todas as terras Guarani foram ocupadas. As suas tribos passaram a viver em pequenas reservas sobrelotadas, onde a destrui\u00e7\u00e3o da floresta impossibilita as pr\u00e1ticas de pesca e agricultura de subsist\u00eancia. Desde 1960 at\u00e9 1990, a sua tribo n\u00e3o era reconhecida pelo governo argentino e as suas aldeias eram vendidas, pondo em risco a sua sobreviv\u00eancia. Ap\u00f3s muitos anos de luta, e com o apoio de algumas entidades, os seus direitos foram reconhecidos, contudo est\u00e3o ainda muito longe do que \u00e9 necess\u00e1rio para permitir uma vida digna .<\/p>\n","protected":false},"excerpt":{"rendered":"<p>ORGANIZA\u00c7\u00c3O A Associa\u00e7\u00e3o AMA A VIDA (Amor, Miss\u00e3o, Ajuda, Voluntariado, Igualdade, Dignidade e Amizade) nasceu, a 12 de agosto de 2019, de um sonho e do facto de se saber que h\u00e1 sempre algo mais que podemos fazer pelo mundo e pelas pessoas. A Presidente da AMA A VIDA j\u00e1 realizou 12 Miss\u00f5es de Voluntariado [&hellip;]<\/p>\n","protected":false},"author":1,"featured_media":0,"parent":0,"menu_order":0,"comment_status":"closed","ping_status":"closed","template":"","meta":{"ngg_post_thumbnail":0,"footnotes":""},"class_list":["post-23","page","type-page","status-publish","hentry"],"_links":{"self":[{"href":"http:\/\/www.amaavida.org\/index.php\/wp-json\/wp\/v2\/pages\/23","targetHints":{"allow":["GET"]}}],"collection":[{"href":"http:\/\/www.amaavida.org\/index.php\/wp-json\/wp\/v2\/pages"}],"about":[{"href":"http:\/\/www.amaavida.org\/index.php\/wp-json\/wp\/v2\/types\/page"}],"author":[{"embeddable":true,"href":"http:\/\/www.amaavida.org\/index.php\/wp-json\/wp\/v2\/users\/1"}],"replies":[{"embeddable":true,"href":"http:\/\/www.amaavida.org\/index.php\/wp-json\/wp\/v2\/comments?post=23"}],"version-history":[{"count":8,"href":"http:\/\/www.amaavida.org\/index.php\/wp-json\/wp\/v2\/pages\/23\/revisions"}],"predecessor-version":[{"id":425,"href":"http:\/\/www.amaavida.org\/index.php\/wp-json\/wp\/v2\/pages\/23\/revisions\/425"}],"wp:attachment":[{"href":"http:\/\/www.amaavida.org\/index.php\/wp-json\/wp\/v2\/media?parent=23"}],"curies":[{"name":"wp","href":"https:\/\/api.w.org\/{rel}","templated":true}]}}